{"id":1370,"date":"2019-11-06T20:14:10","date_gmt":"2019-11-06T23:14:10","guid":{"rendered":"https:\/\/isfdyt93-bue.infd.edu.ar\/sitio\/?page_id=1370"},"modified":"2024-04-15T20:27:30","modified_gmt":"2024-04-15T23:27:30","slug":"tecnicatura-superior-en-enfermeria","status":"publish","type":"page","link":"https:\/\/isfdyt93-bue.infd.edu.ar\/sitio\/tecnicatura-superior-en-enfermeria\/","title":{"rendered":"Tecnicatura Superior en Enfermer\u00eda"},"content":{"rendered":"<p style=\"text-align: center;\"><strong><a href=\"https:\/\/isfdyt93-bue.infd.edu.ar\/sitio\/wp-content\/uploads\/2019\/10\/tecnico_superior_en_enfermeria_854-16.pdf\" target=\"_blank\" rel=\"noopener\">* RESOLUCI\u00d3N 854\/16<\/a>\u00a0 \u00a0 \u00a0 <a href=\"https:\/\/isfdyt93-bue.infd.edu.ar\/sitio\/wp-content\/uploads\/2019\/10\/TECNICATURA-SUPERIOR-EN-ENFERMERIA.pdf\" target=\"_blank\" rel=\"noopener\">* PLAN DE ESTUDIOS<\/a>\u00a0 \u00a0 \u00a0<\/strong><\/p>\n<h6 style=\"text-align: center;\"><span style=\"color: #003366;\"><strong>La Tecnicatura en ENFERMER\u00cdA se cursar\u00e1 en la E.S. N\u00b0 5 de A. Korn (Libertad y Juan B. Justo s\/n) de Lunes a Viernes de 18:30 a 22:40 hs. Pr\u00e1cticas profesionalizantes a contraturno<\/strong><\/span><\/h6>\n<h1 style=\"text-align: center;\"><img decoding=\"async\" loading=\"lazy\" class=\"size-full wp-image-1739 aligncenter\" src=\"https:\/\/isfdyt93-bue.infd.edu.ar\/sitio\/wp-content\/uploads\/2019\/11\/WENFE.jpeg\" alt=\"\" width=\"744\" height=\"744\" srcset=\"https:\/\/isfdyt93-bue.infd.edu.ar\/sitio\/wp-content\/uploads\/2019\/11\/WENFE.jpeg 744w, https:\/\/isfdyt93-bue.infd.edu.ar\/sitio\/wp-content\/uploads\/2019\/11\/WENFE-500x500.jpeg 500w\" sizes=\"(max-width: 744px) 100vw, 744px\" \/><\/h1>\n<p style=\"text-align: center;\"><strong>El\/la Enfermero\/a est\u00e1 capacitado para el ejercicio profesional en relaci\u00f3n de dependencia y en forma libre, desarrollando, brindando y gestionando los cuidados de enfermer\u00eda aut\u00f3nomos e interdependientes para la promoci\u00f3n, prevenci\u00f3n, recuperaci\u00f3n y rehabilitaci\u00f3n de la persona, la familia, grupo y comunidad hasta el nivel de cuidados intermedios, en los \u00e1mbitos comunitario y hospitalario; gestionando su \u00e1mbito de trabajo y participando en estudios de investigaci\u00f3n-acci\u00f3n.<\/strong><\/p>\n<p><strong><u>REQUISITOS PARA LOS INGRESANTES:\u00a0<\/u><\/strong><\/p>\n<p><strong><u> \u00abSe sugiere a los postulantes a inscripci\u00f3n 2021 comenzar con tiempo los tramites del certificado de Aptitud Psicof\u00edsica y vacunas, ya que son requisitos indispensables para el proceso de matriculaci\u00f3n\u00bb Dicha inscripci\u00f3n se llevar\u00e1 a cabo en el mes de Diciembre 2020.<\/u><\/strong><\/p>\n<p>Adem\u00e1s de los <a href=\"https:\/\/isfdyt93-bue.infd.edu.ar\/sitio\/inscribite\/\">requisitos de inscripci\u00f3n<\/a> comunes a todas las carreras los aspirantes deber\u00e1n cumplir con lo siguiente:<\/p>\n<ul>\n<li>El Certificado de Aptitud Psicof\u00edsica deber\u00e1 ser otorgado por organismo oficial (Hospital, C.A.P.S., etc.), como <em><u>condici\u00f3n indispensable<\/u><\/em> para ser inscripto<\/li>\n<li>Cumplir con las medidas profil\u00e1cticas para la inmunizaci\u00f3n Antihepatitis b, inmunizaci\u00f3n Antitet\u00e1nica, y todas aquellas que se consideren necesarias para los trabajadores de la salud. <em><u>Presentar los certificados correspondientes<\/u><\/em><\/li>\n<li>Cursar y aprobar el Taller Inicial (80% de asistencia y evaluaci\u00f3n diagn\u00f3stica)<\/li>\n<\/ul>\n<p style=\"text-align: center;\"><span style=\"color: #003366;\"><strong>Es por esto que nuestros egresados encuentran su f\u00e1cil inserci\u00f3n en el mundo laboral actual.<\/strong><\/span><\/p>\n<p style=\"text-align: center;\"><span style=\"color: #003366;\"><strong>Los esperamos!!!!<\/strong><\/span><\/p>\n","protected":false},"excerpt":{"rendered":"<p>* RESOLUCI\u00d3N 854\/16\u00a0 \u00a0 \u00a0 * PLAN DE ESTUDIOS\u00a0 \u00a0 \u00a0 La Tecnicatura en ENFERMER\u00cdA se cursar\u00e1 en la E.S. N\u00b0 5 de A. Korn (Libertad y Juan B. Justo s\/n) de Lunes a Viernes de 18:30 a 22:40 hs. Pr\u00e1cticas profesionalizantes a contraturno El\/la Enfermero\/a est\u00e1 capacitado para el ejercicio profesional en relaci\u00f3n de &#8230; <a title=\"Tecnicatura Superior en Enfermer\u00eda\" class=\"read-more\" href=\"https:\/\/isfdyt93-bue.infd.edu.ar\/sitio\/tecnicatura-superior-en-enfermeria\/\" aria-label=\"More on Tecnicatura Superior en Enfermer\u00eda\">[+]<\/a><\/p>\n","protected":false},"author":102,"featured_media":0,"parent":0,"menu_order":0,"comment_status":"closed","ping_status":"closed","template":"","meta":[],"acf":[],"_links":{"self":[{"href":"https:\/\/isfdyt93-bue.infd.edu.ar\/sitio\/wp-json\/wp\/v2\/pages\/1370"}],"collection":[{"href":"https:\/\/isfdyt93-bue.infd.edu.ar\/sitio\/wp-json\/wp\/v2\/pages"}],"about":[{"href":"https:\/\/isfdyt93-bue.infd.edu.ar\/sitio\/wp-json\/wp\/v2\/types\/page"}],"author":[{"embeddable":true,"href":"https:\/\/isfdyt93-bue.infd.edu.ar\/sitio\/wp-json\/wp\/v2\/users\/102"}],"replies":[{"embeddable":true,"href":"https:\/\/isfdyt93-bue.infd.edu.ar\/sitio\/wp-json\/wp\/v2\/comments?post=1370"}],"version-history":[{"count":20,"href":"https:\/\/isfdyt93-bue.infd.edu.ar\/sitio\/wp-json\/wp\/v2\/pages\/1370\/revisions"}],"predecessor-version":[{"id":3061,"href":"https:\/\/isfdyt93-bue.infd.edu.ar\/sitio\/wp-json\/wp\/v2\/pages\/1370\/revisions\/3061"}],"wp:attachment":[{"href":"https:\/\/isfdyt93-bue.infd.edu.ar\/sitio\/wp-json\/wp\/v2\/media?parent=1370"}],"curies":[{"name":"wp","href":"https:\/\/api.w.org\/{rel}","templated":true}]}}