{"id":831,"date":"2018-08-29T19:02:43","date_gmt":"2018-08-29T22:02:43","guid":{"rendered":"https:\/\/isfdyt93-bue.infd.edu.ar\/sitio\/el-instituto\/"},"modified":"2025-04-01T09:36:23","modified_gmt":"2025-04-01T12:36:23","slug":"el-instituto","status":"publish","type":"page","link":"https:\/\/isfdyt93-bue.infd.edu.ar\/sitio\/el-instituto\/","title":{"rendered":"Nuestra Propuesta"},"content":{"rendered":"<h1 style=\"text-align: center;\"><span style=\"color: #003366;\"><strong><u>EL INSTITUTO SUPERIOR 93\u00a0<\/u><\/strong><\/span><span style=\"color: #003366;\"><strong><u>ASEGURA TU FUTURO<\/u><\/strong><\/span><\/h1>\n<p><strong>\u00a0<\/strong><\/p>\n<p>En junio de 1993 se cre\u00f3 el INSTITUTO SUPERIOR DE FORMACI\u00d3N T\u00c9CNICA N\u00b0 93, uno de las instituciones m\u00e1s emblem\u00e1ticas de San Vicente.<\/p>\n<p>Su trayectoria acad\u00e9mica comenz\u00f3 con dos carreras: Tecnicatura Superior en An\u00e1lisis de Sistemas y Tecnicatura Superior en Administraci\u00f3n Contable, las cuales durante su primer a\u00f1o de vida se dictaron en el edificio de la escuela Secundaria N\u00b0 2 hasta que poco despu\u00e9s se traslad\u00f3 definitivamente al edificio de la Escuela Primaria N\u00b0 1 en la Calle SAN MART\u00cdN 101 \u2013 San Vicente \u2013 donde desde hace m\u00e1s de dos d\u00e9cadas abre sus puertas diariamente a partir de las 18:30 hs. con el firme objetivo de formar <em>\u201ca los mejores T\u00e9cnicos de la Provincia de Buenos Aires\u201d<\/em>.<\/p>\n<p><strong>&#8211; \u00bfQu\u00e9 ventajas ofrece el Instituto Superior 93?<\/strong><\/p>\n<ul>\n<li>Permite a sus alumnos insertarse laboralmente en el \u00e1mbito local, provincial, regional y nacional.<\/li>\n<li>Cuenta con docentes altamente capacitados y especializados en cada una de las carreras.<\/li>\n<li>Se encuentra localizado en el centro de San Vicente accediendo por diversos medios de transporte.<\/li>\n<li>Todas sus carreras son terciarias, gratuitas y otorgan t\u00edtulos oficiales.<\/li>\n<\/ul>\n<p><strong>&#8211;\u00a0\u00bfQu\u00e9 carreras se pueden estudiar en el Instituto Superior 93?<\/strong><\/p>\n<ul>\n<li>Actualmente se dictan 6 carreras, todas relacionadas con el mundo del trabajo, motivando a los alumnos a descubrir su potencial para que puedan desempe\u00f1arse en puestos gerenciales y jefaturas de todo tipo de organizaci\u00f3n.<\/li>\n<li>Las carreras son las siguientes:\n<ul>\n<li>Tecnicatura Superior en An\u00e1lisis, Desarrollo y Programaci\u00f3n de Aplicaciones<\/li>\n<li>Tecnicatura Superior en Gu\u00eda de Turismo<\/li>\n<li>Tecnicatura Superior en Administraci\u00f3n Contable<\/li>\n<li>Tecnicatura Superior en Administraci\u00f3n con Orientaci\u00f3n en Marketing<\/li>\n<li>Tecnicatura Superior en Administraci\u00f3n P\u00fablica<\/li>\n<li>Tecnicatura Superior en Enfermer\u00eda<\/li>\n<\/ul>\n<\/li>\n<\/ul>\n<p><b>&#8211; \u00bfQue\u00a0caracteriza al Instituto Superior 93?<\/b><\/p>\n<ul>\n<li>Las carreras tienen una duraci\u00f3n de 3 a\u00f1os y para aquellos alumnos interesados en continuar sus estudios en el nivel universitario cuenta con acuerdos con Universidades que le reconocen todas las materias aprobadas en la Tecnicatura Superior y en 2 a\u00f1os m\u00e1s pueden obtener el t\u00edtulo universitario de Licenciados.<\/li>\n<li>\u201cEn la actualidad, m\u00e1s de 1000 estudiantes cursan sus carreras en nuestro Instituto siguiendo los pasos de muchos miles que ya han pasado por nuestras aulas obteniendo el t\u00edtulo tan deseado que los convierte en profesionales\u201d.<\/li>\n<\/ul>\n<p><strong>&#8211; \u00bfCu\u00e1ndo comienza la inscripci\u00f3n?<\/strong><\/p>\n<ul>\n<li>La inscripci\u00f3n se realizar\u00e1 durante el mes de diciembre y se llevar\u00e1 a cabo en: <strong>Av.\u00a0San Mart\u00edn 101- San Vicente (al lado de la Iglesia) de lunes a viernes entre las 19:00 y las 21:00 hs. <a href=\"https:\/\/isfdyt93-bue.infd.edu.ar\/sitio\/inscribite\/\" target=\"_blank\" rel=\"noopener\">Ver Requisitos <\/a><\/strong><\/li>\n<\/ul>\n<p>El <em>Instituto Superior 93<\/em> asegura un c\u00e1lido acompa\u00f1amiento en el camino de la formaci\u00f3n profesional y la certeza de obtener los conocimientos que les permitir\u00e1n ingresar al campo laboral.<\/p>\n<h3 style=\"text-align: center;\"><span style=\"color: #003366;\"><strong><em>\u00a1El futuro te espera y queremos acompa\u00f1arte!<\/em><\/strong><\/span><\/h3>\n<h3 style=\"text-align: center;\"><span style=\"color: #003366;\"><strong><em>Instituto Superior 93, T\u00fa lugar!<\/em><\/strong><\/span><\/h3>\n","protected":false},"excerpt":{"rendered":"<p>EL INSTITUTO SUPERIOR 93\u00a0ASEGURA TU FUTURO \u00a0 En junio de 1993 se cre\u00f3 el INSTITUTO SUPERIOR DE FORMACI\u00d3N T\u00c9CNICA N\u00b0 93, uno de las instituciones m\u00e1s emblem\u00e1ticas de San Vicente. Su trayectoria acad\u00e9mica comenz\u00f3 con dos carreras: Tecnicatura Superior en An\u00e1lisis de Sistemas y Tecnicatura Superior en Administraci\u00f3n Contable, las cuales durante su primer a\u00f1o &#8230; <a title=\"Nuestra Propuesta\" class=\"read-more\" href=\"https:\/\/isfdyt93-bue.infd.edu.ar\/sitio\/el-instituto\/\" aria-label=\"More on Nuestra Propuesta\">[+]<\/a><\/p>\n","protected":false},"author":102,"featured_media":0,"parent":0,"menu_order":0,"comment_status":"closed","ping_status":"closed","template":"","meta":[],"acf":[],"_links":{"self":[{"href":"https:\/\/isfdyt93-bue.infd.edu.ar\/sitio\/wp-json\/wp\/v2\/pages\/831"}],"collection":[{"href":"https:\/\/isfdyt93-bue.infd.edu.ar\/sitio\/wp-json\/wp\/v2\/pages"}],"about":[{"href":"https:\/\/isfdyt93-bue.infd.edu.ar\/sitio\/wp-json\/wp\/v2\/types\/page"}],"author":[{"embeddable":true,"href":"https:\/\/isfdyt93-bue.infd.edu.ar\/sitio\/wp-json\/wp\/v2\/users\/102"}],"replies":[{"embeddable":true,"href":"https:\/\/isfdyt93-bue.infd.edu.ar\/sitio\/wp-json\/wp\/v2\/comments?post=831"}],"version-history":[{"count":13,"href":"https:\/\/isfdyt93-bue.infd.edu.ar\/sitio\/wp-json\/wp\/v2\/pages\/831\/revisions"}],"predecessor-version":[{"id":3384,"href":"https:\/\/isfdyt93-bue.infd.edu.ar\/sitio\/wp-json\/wp\/v2\/pages\/831\/revisions\/3384"}],"wp:attachment":[{"href":"https:\/\/isfdyt93-bue.infd.edu.ar\/sitio\/wp-json\/wp\/v2\/media?parent=831"}],"curies":[{"name":"wp","href":"https:\/\/api.w.org\/{rel}","templated":true}]}}