{"id":857,"date":"2018-08-29T19:02:53","date_gmt":"2018-08-29T22:02:53","guid":{"rendered":"https:\/\/isfdyt93-bue.infd.edu.ar\/sitio\/datos-institucionales\/"},"modified":"2025-02-13T08:10:17","modified_gmt":"2025-02-13T11:10:17","slug":"datos-institucionales","status":"publish","type":"page","link":"https:\/\/isfdyt93-bue.infd.edu.ar\/sitio\/datos-institucionales\/","title":{"rendered":"Datos Institucionales"},"content":{"rendered":"<h1><img decoding=\"async\" loading=\"lazy\" style=\"display: block; margin-left: auto; margin-right: auto;\" title=\"ESCUDO WEB\" src=\"https:\/\/isfdyt93-bue.infd.edu.ar\/sitio\/wp-content\/uploads\/2018\/08\/ESCUDO_WEB.jpg\" alt=\"ESCUDO WEB\" width=\"140\" height=\"188\" border=\"0\" \/><\/h1>\n<h1 style=\"text-align: center;\"><span style=\"color: #003366;\"><strong>Instituto Superior de Formaci\u00f3n Docente y T\u00e9cnica <\/strong><\/span><\/h1>\n<h1 style=\"text-align: center;\"><span style=\"color: #003366;\"><strong>N\u00ba 93<\/strong><\/span><\/h1>\n<h2 style=\"text-align: center;\"><span style=\"color: #003366;\"><strong>\u00abPresidente Arturo Umberto Illia\u00bb<\/strong><\/span><\/h2>\n<h2 style=\"text-align: center;\"><span style=\"color: #003366;\"><strong>&#8211; San Vicente &#8211;<\/strong><\/span><\/h2>\n<p><strong><u>Horario de Atenci\u00f3n:<\/u><\/strong><\/p>\n<ul>\n<li>De lunes a viernes de 18:30 a 22:30 hs.<\/li>\n<\/ul>\n<p><strong><u>Informaci\u00f3n de la Instituci\u00f3n:<\/u><\/strong><\/p>\n<ul>\n<li>SEDE Av. San Mart\u00edn 101 &#8211; (1865) San Vicente <a href=\"https:\/\/www.google.com\/maps\/place\/Instituto+Superior+de+Formaci%C3%B3n+Docente+y+T%C3%A9cnica+N%C2%BA93+Arturo+Umberto+Illia\/@-35.0250632,-58.4251964,16z\/data=!4m5!3m4!1s0x0:0x391483c1d5e02671!8m2!3d-35.0250632!4d-58.4251964\" target=\"_blank\" rel=\"noopener\">(maps)<\/a><\/li>\n<li><\/li>\n<li>(02225) 481175 \/ (02225) 484015<\/li>\n<li><a href=\"mailto:institutosuperior93@gmail.com\">Envianos un E-mail (Sede)<\/a><\/li>\n<li>ANEXO Juan B. Justo 263 (1864) Alejandro Korn (<a href=\"https:\/\/maps.app.goo.gl\/SgPxQUeL1EaSUND38\">maps<\/a>)<\/li>\n<li><a href=\"preceptoria.enfermeria.isft93@gmail.com\">Envianos un E-mail (Anexo)<\/a><\/li>\n<li><a href=\"http:\/\/www.facebook.com\/ISFDYT93SV\" target=\"_blank\" rel=\"noopener\">Seguinos en FACEBOOK<\/a><\/li>\n<li><a href=\"https:\/\/twitter.com\/is93sanvi\" target=\"_blank\" rel=\"noopener\">Seguinos en TWITTER<\/a><\/li>\n<li><a href=\"https:\/\/instagram.com\/institutosuperiors93sv\" target=\"_blank\" rel=\"noopener\">Seguinos en INSTAGRAM<\/a><\/li>\n<\/ul>\n<p><strong><u>Autoridades:<\/u><\/strong><\/p>\n<ul>\n<li>Director: Lic. Omar Spandre<\/li>\n<li>Regente: Ad\u00e1n Aloe<\/li>\n<li>Secretaria: Betiana M. Jacobsen<\/li>\n<li>Jefes de \u00c1rea: Paulina Santos<\/li>\n<li>Bibliotecarias: Cintia Festorazzi &#8211; Liliana Rol\u00f3n<\/li>\n<li>Preceptores:\n<ul>\n<li>Sistemas: Oscar Machuca<\/li>\n<li>Enfermer\u00eda: Osvaldo Florent\u00edn<\/li>\n<li>Turismo: Daniel Palma<\/li>\n<li>Administraci\u00f3n: Roberto Mendez Mardones<\/li>\n<\/ul>\n<\/li>\n<\/ul>\n<h6><\/h6>\n<h6 style=\"text-align: center;\"><span style=\"color: #333333;\"><em>Dependiente de la Direcci\u00f3n de Educaci\u00f3n Superior de Formaci\u00f3n T\u00e9cnica de la Provincia de Buenos Aires<\/em><\/span><\/h6>\n","protected":false},"excerpt":{"rendered":"<p>Instituto Superior de Formaci\u00f3n Docente y T\u00e9cnica N\u00ba 93 \u00abPresidente Arturo Umberto Illia\u00bb &#8211; San Vicente &#8211; Horario de Atenci\u00f3n: De lunes a viernes de 18:30 a 22:30 hs. Informaci\u00f3n de la Instituci\u00f3n: SEDE Av. San Mart\u00edn 101 &#8211; (1865) San Vicente (maps) (02225) 481175 \/ (02225) 484015 Envianos un E-mail (Sede) ANEXO Juan B. &#8230; <a title=\"Datos Institucionales\" class=\"read-more\" href=\"https:\/\/isfdyt93-bue.infd.edu.ar\/sitio\/datos-institucionales\/\" aria-label=\"More on Datos Institucionales\">[+]<\/a><\/p>\n","protected":false},"author":102,"featured_media":0,"parent":0,"menu_order":0,"comment_status":"closed","ping_status":"closed","template":"","meta":[],"acf":[],"_links":{"self":[{"href":"https:\/\/isfdyt93-bue.infd.edu.ar\/sitio\/wp-json\/wp\/v2\/pages\/857"}],"collection":[{"href":"https:\/\/isfdyt93-bue.infd.edu.ar\/sitio\/wp-json\/wp\/v2\/pages"}],"about":[{"href":"https:\/\/isfdyt93-bue.infd.edu.ar\/sitio\/wp-json\/wp\/v2\/types\/page"}],"author":[{"embeddable":true,"href":"https:\/\/isfdyt93-bue.infd.edu.ar\/sitio\/wp-json\/wp\/v2\/users\/102"}],"replies":[{"embeddable":true,"href":"https:\/\/isfdyt93-bue.infd.edu.ar\/sitio\/wp-json\/wp\/v2\/comments?post=857"}],"version-history":[{"count":12,"href":"https:\/\/isfdyt93-bue.infd.edu.ar\/sitio\/wp-json\/wp\/v2\/pages\/857\/revisions"}],"predecessor-version":[{"id":3301,"href":"https:\/\/isfdyt93-bue.infd.edu.ar\/sitio\/wp-json\/wp\/v2\/pages\/857\/revisions\/3301"}],"wp:attachment":[{"href":"https:\/\/isfdyt93-bue.infd.edu.ar\/sitio\/wp-json\/wp\/v2\/media?parent=857"}],"curies":[{"name":"wp","href":"https:\/\/api.w.org\/{rel}","templated":true}]}}