{"id":887,"date":"2018-08-29T19:03:03","date_gmt":"2018-08-29T22:03:03","guid":{"rendered":"https:\/\/isfdyt93-bue.infd.edu.ar\/sitio\/quien-fue-arturo-umberto-illia\/"},"modified":"2019-10-07T20:11:51","modified_gmt":"2019-10-07T23:11:51","slug":"quien-fue-arturo-umberto-illia","status":"publish","type":"page","link":"https:\/\/isfdyt93-bue.infd.edu.ar\/sitio\/quien-fue-arturo-umberto-illia\/","title":{"rendered":"\u00bfQui\u00e9n fue Arturo Umberto Illia?"},"content":{"rendered":"<p><img decoding=\"async\" loading=\"lazy\" class=\"aligncenter\" style=\"display: block; margin-left: auto; margin-right: auto;\" title=\"ILLIA 1\" src=\"https:\/\/isfdyt93-bue.infd.edu.ar\/sitio\/wp-content\/uploads\/2018\/08\/ILLIA_1.jpg\" alt=\"ILLIA 1\" width=\"248\" height=\"351\" border=\"0\" \/><\/p>\n<p>Una de las principales caracter\u00edsticas que destacan los adeptos a Illia es su honestidad y honradez, siendo ejemplo de esto el hecho de que Illia vivi\u00f3 casi toda su vida en su humilde casa de Cruz del Eje, donde se dedicaba a la medicina, y que nunca utiliz\u00f3 su influencia a su favor, a punto tal de tener que vender su auto estando en el ejercicio del mando y de negarse a utilizar fondos p\u00fablicos para financiar sus tratamientos m\u00e9dicos. Luego de su gobierno, mantuvo su activa militancia pol\u00edtica, rechaz\u00f3 la jubilaci\u00f3n y se gan\u00f3 la vida trabajando en la panader\u00eda de un amigo.<\/p>\n<p>Arturo Umberto Illia\u00a0naci\u00f3 el 4 de agosto de 1900 a las 16.00 en Pergamino, 220\u00a0km al norte de la ciudad de Buenos Aires, en la provincia de Buenos Aires. Su padre, Mart\u00edn Illia (1861-1948), era oriundo de Samolaco San Pietro, Val Chiavenna, Lombard\u00eda (Italia) y su madre, Emma Francesconi, de Gratacasolo, provincia de Brescia, Lombard\u00eda.<\/p>\n<p>Curs\u00f3 la escuela primaria hasta cuarto grado en la Escuela Provincial N\u00ba\u00a018 y quinto y sexto grados en la Escuela Normal Mixta de esa ciudad. Los estudios secundarios los realiz\u00f3 en Buenos Aires, en el Colegio P\u00edo IX, P\u00e1rroco San Carlos, como pupilo.<\/p>\n<p>En el a\u00f1o 1918 comenz\u00f3 sus estudios de Medicina en la Facultad de Medicina de la Universidad de Buenos Aires. Ese mismo a\u00f1o estall\u00f3 en C\u00f3rdoba el movimiento estudiantil conocido como Reforma Universitaria, que sent\u00f3 los principios de la universidad gratuita, libre y cogobernada y modific\u00f3 profundamente la concepci\u00f3n y administraci\u00f3n de la educaci\u00f3n superior en la Argentina y en gran parte de Am\u00e9rica Latina.<\/p>\n<p>Como parte de sus estudios de Medicina, en 1923 ingres\u00f3 como practicante al Hospital San Juan de Dios de la ciudad de La Plata, gradu\u00e1ndose en el a\u00f1o 1927.<\/p>\n<p>En 1928 tuvo una entrevista (la \u00fanica en toda su vida) con el entonces Presidente de la Naci\u00f3n, Dr. Hip\u00f3lito Yrigoyen, a quien le ofreci\u00f3 sus servicios como m\u00e9dico. Yrigoyen le propuso trabajar como m\u00e9dico ferroviario en distintas localidades y Arturo Illia decidi\u00f3 radicarse en Cruz del Eje, C\u00f3rdoba. Desempe\u00f1\u00f3 su actividad de m\u00e9dico en esa localidad desde 1929 hasta 1963, interrumpidos por los tres a\u00f1os (1940-1943) en que fue vicegobernador de C\u00f3rdoba. Lo llamaban el\u00a0<em>Ap\u00f3stol de los Pobres<\/em>, por su dedicaci\u00f3n a los enfermos sin recursos, viajando a caballo, en sulky, o a pie, para llevar medicamentos que \u00e9l mismo compraba.<\/p>\n<p>El 15 de febrero de 1939 contrajo matrimonio con la cordobesa Silvia Elvira Martorell (1915-1966), hija de Arturo Martorell y Mercedes Kaswalder, y con quien tuvo tres hijos: Emma Silvia Illia (en 1940), Mart\u00edn Arturo Illia (tambi\u00e9n en 1940) y Leandro Hip\u00f3lito Illia (en 1946).<\/p>\n<p>De 1963 a 1966 ejerci\u00f3 la Presidencia de la Naci\u00f3n, y luego del golpe militar del 28 de junio de 1966, conocido como Revoluci\u00f3n Argentina, se traslad\u00f3 a Mart\u00ednez, Provincia de Buenos Aires, donde residi\u00f3 alternando con viajes a C\u00f3rdoba. Continu\u00f3 una intensa actividad pol\u00edtica en el seno de la Uni\u00f3n C\u00edvica Radical, hasta su muerte, el 18 de enero de 1983.<\/p>\n<p><strong><u>Su actividad pol\u00edtica<\/u><\/strong><\/p>\n<p>Arturo U. Illia se afili\u00f3 a la Uni\u00f3n C\u00edvica Radical al llegar a la mayor\u00eda de edad, en el a\u00f1o 1918, fuertemente influido por la activa militancia radical de su padre y de su hermano Italo. Ese mismo a\u00f1o comenz\u00f3 sus estudios universitarios en medio de la movilizaci\u00f3n juvenil que acompa\u00f1aba la Reforma Universitaria.<\/p>\n<p>A partir de 1929, a\u00f1o en que se radic\u00f3 en Cruz del Eje, inicia una intensa actividad pol\u00edtica que alterna con su actividad profesional.<\/p>\n<p>En 1935 fue electo Senador Provincial por el Departamento Cruz del Eje en las elecciones celebradas el 17 de noviembre. En el Senado Provincial particip\u00f3 activamente en la aprobaci\u00f3n a la Ley de Reforma Agraria, que fuera aprobada por la Legislatura de C\u00f3rdoba pero rechazada en el Congreso de la Naci\u00f3n. Presidi\u00f3 la Comisi\u00f3n de Presupuesto y Hacienda e impuls\u00f3 la construcci\u00f3n de las represas de Nuevo San Roque, La Vi\u00f1a, Cruz del Eje y Los Alazanes.<\/p>\n<p>En las elecciones del 10 de marzo de 1940 es electo Vicegobernador de C\u00f3rdoba, acompa\u00f1ando al Gobernador Santiago del Castillo, cargo que asume el 17 de mayo de 1940, hasta que la Provincia es intervenida el 19 de junio de 1943.<\/p>\n<p>El 20 de abril de 1948 asume como Diputado de la Naci\u00f3n, cargo que desempe\u00f1a hasta el 30 de abril de 1952. Form\u00f3 parte de las Comisiones de Obras P\u00fablicas e Higiene y Asistencia Medicinal.<\/p>\n<p>En el Colegio Electoral, la f\u00f3rmula encabezada por Arturo Illia obtuvo 270 votos sobre 476 electores el d\u00eda 31 de julio de 1963.<\/p>\n<p><strong><u>Su gesti\u00f3n de gobierno<\/u><\/strong><\/p>\n<p>Arturo Illia asumi\u00f3 el 12 de octubre de 1963. Su primer acto de gobierno consisti\u00f3 en eliminar las restricciones que pesaban sobre el peronismo. Desde la Revoluci\u00f3n Libertadora las manifestaciones de ese partido estaban prohibidas por el Decreto 4161\/56, sin embargo cinco d\u00edas luego de que Illia asumiera el gobierno se realiz\u00f3 un acto conmemorativo por el 17 de octubre en Plaza Miserere sin limitaci\u00f3n alguna. De la misma manera se levantaron las restricciones electorales, habilitando la participaci\u00f3n del peronismo en los comicios legislativos del a\u00f1o 1965. Tambi\u00e9n se levant\u00f3 la prohibici\u00f3n que pesaba sobre el Partido Comunista y se promulgaron penalidades a la discriminaci\u00f3n y violencia racial.<\/p>\n<p><span style=\"color: #000080;\"><strong><u>LA EDUCACI\u00d3N<\/u><\/strong><\/span><\/p>\n<p><span style=\"color: #000080;\"><strong><em>Durante su gesti\u00f3n de gobierno, la educaci\u00f3n tuvo un peso significativo en el Presupuesto Nacional. En el a\u00f1o 1963, su participaci\u00f3n era del 12%, en el a\u00f1o 1964, del 17%, en el a\u00f1o 1965, del 23%<\/em><\/strong><\/span><\/p>\n<p><span style=\"color: #000080;\"><strong>El 5 de noviembre de 1964 se pone en marcha el Plan Nacional de Alfabetizaci\u00f3n, con el objetivo de disminuir la tasa de analfabetismo que para la \u00e9poca se estimaba en poco m\u00e1s del 10% de la poblaci\u00f3n adulta. En junio de 1965 el Programa contaba con doce mil quinientos centros de alfabetizaci\u00f3n y su tarea alcanzaba a trescientos cincuenta mil alumnos de dieciocho a ochenta y cinco a\u00f1os de edad.<\/strong><\/span><\/p>\n<p><span style=\"color: #000080;\"><strong>Entre 1963 y 1966 se graduaron de la UBA 40.000 alumnos, cifra m\u00e1s alta en toda la historia de la casa de estudios.<\/strong><\/span><\/p>\n<p><strong><u>La pol\u00edtica petrolera<\/u><\/strong><\/p>\n<p>Arturo Frondizi hab\u00eda iniciado en su gobierno una pol\u00edtica de explotaci\u00f3n petrolera basada en la locaci\u00f3n de obras de los yacimientos a empresas privadas reservando a la empresa estatal Yacimientos Petrol\u00edferos Fiscales (YPF) la actividad de exploraci\u00f3n y la compra de la producci\u00f3n a las empresas concesionarias. A las objeciones de car\u00e1cter econ\u00f3mico y comercial (como el traslado del riesgo empresario a YPF que deb\u00eda realizar la inversi\u00f3n en nuevas exploraciones, o el aumento de los precios de los combustibles), la plataforma electoral de Illia denunciaba la pol\u00edtica por ser consideradas concesiones y no locaciones. Adem\u00e1s por considerarla contraria a los intereses nacionales se comprometi\u00f3 a anular los contratos de concesi\u00f3n.<\/p>\n<p>El 15 de noviembre de 1963 Illia firm\u00f3 los Decretos 744\/63 y 745\/63 que anulaban dichos contratos por\u00a0<em>\u201cvicios de ilegitimidad y ser da\u00f1osos a los derechos e intereses de la Naci\u00f3n\u201d<\/em>. Esto lejos de beneficiar al gobierno lo dejar\u00eda con mala fama internacional y sumar\u00eda nuevas fuerzas, esta vez internacionales y muy poderosas, a la coalici\u00f3n que lo derrocar\u00eda.<\/p>\n<p><strong><u>Ley del salario m\u00ednimo, vital y m\u00f3vil<\/u><\/strong><\/p>\n<p>El 15 de junio de 1964 se publica en el Bolet\u00edn Oficial la Ley 16.459, del salario m\u00ednimo, vital y m\u00f3vil, previa a la constituci\u00f3n del Consejo del Salario, integrado por representantes del Gobierno, los empresarios y los sindicatos.<\/p>\n<p>Entre los objetivos del proyecto figuraban la necesidad de\u00a0<em>\u201cevitar la explotaci\u00f3n de los trabajadores en aquellos sectores en los cuales puede existir un exceso de mano de obra\u201d<\/em>,\u00a0<em>\u201casegurar un ingreso m\u00ednimo adecuado\u201d<\/em>\u00a0y\u00a0<em>\u201cmejorar los salarios de los trabajadores m\u00e1s pobres\u201d<\/em>.<\/p>\n<p>Con los mismos objetivos, se promovi\u00f3 la Ley de Abastecimiento, destinada a controlar los precios de la canasta familiar y la fijaci\u00f3n de montos m\u00ednimos de jubilaciones y pensiones.<\/p>\n<p><strong><u>La Ley\u00a0de medicamentos<\/u><\/strong><\/p>\n<p>La Ley 16.462, tambi\u00e9n llamada Ley O\u00f1ativia en homenaje al Ministro de Salud Arturo O\u00f1ativia, fue aprobada por todos los bloques, excepto UDELPA y la Federaci\u00f3n de Partidos del Centro, y sancionada el 28 de agosto de 1964. Establec\u00eda una pol\u00edtica de precios y de control de medicamentos, congelando los precios a los vigentes a fines de 1963, fijando l\u00edmites para los gastos de publicidad, imponiendo l\u00edmites a la posibilidad de realizar pagos al exterior en concepto de regal\u00edas y de compra de insumos. La reglamentaci\u00f3n de la Ley mediante el Decreto 3042\/65 fijaba adem\u00e1s la obligaci\u00f3n para las empresas de presentar mediante declaraci\u00f3n jurada un an\u00e1lisis de costos y a formalizar todos los contratos de regal\u00edas existentes.<\/p>\n<p>Esta ley surge, a partir de un estudio realizado por una comisi\u00f3n creada por el Presidente Illia sobre 300.000 muestras de medicamentos. Muchos de estos medicamentos no eran fabricados con la f\u00f3rmula declarada por el laboratorio y su precio exced\u00eda en un 1000% al costo de producci\u00f3n.<\/p>\n<p>Partidarios, opositores y observadores imparciales coincidieron en que esta pol\u00edtica tuvo un peso decisivo en el proceso pol\u00edtico que culminara con el derrocamiento del presidente a manos de un golpe militar.<\/p>\n<p><strong><u>La Ley\u00a0de Hacienda<\/u><\/strong><\/p>\n<p>La ley 15.437, pensada junto al entonces ministro de hacienda Jonatan O. Huesca, establec\u00eda que los productores de hacienda, ya sea de ganado ovino, bovino, vacuno o porcino ten\u00edan la oportunidad de solicitar un pr\u00e9stamo al gobierno para incentivar las inversiones en su producci\u00f3n, as\u00ed, la ganader\u00eda comenz\u00f3 a surgir de entre las cenizas.<\/p>\n<p><strong><u>Pol\u00edtica econ\u00f3mica<\/u><\/strong><\/p>\n<p>En materia econ\u00f3mica, el gobierno de Arturo Illia tuvo una pol\u00edtica de ordenamiento del sector p\u00fablico, de disminuci\u00f3n de la deuda p\u00fablica y de impulso a la industrializaci\u00f3n. Se cre\u00f3 la Sindicatura de Empresas del Estado, para un control m\u00e1s eficaz de las empresas p\u00fablicas.<\/p>\n<p>La evoluci\u00f3n del Producto Bruto Interno durante ese per\u00edodo fue del -2,4% para el a\u00f1o 1963, del 10,3% para el a\u00f1o 1964 y del 9,1% para el a\u00f1o 1965. La evoluci\u00f3n del Producto Bruto Industrial fue del -4,1% para el a\u00f1o 1963, del 18,9% para el a\u00f1o 1964 y del 13,8% para el a\u00f1o 1965. La deuda externa disminuy\u00f3 de 3.400 millones de d\u00f3lares a 2.600 millones.<\/p>\n<p><em>El salario real horario creci\u00f3 entre diciembre de 1963 y diciembre de 1964 un 9,6%. La desocupaci\u00f3n pas\u00f3 de 8,8% en 1963 a 5,2% en 1966.<\/em><\/p>\n<p><strong><u>El golpe militar<\/u><\/strong><\/p>\n<p>El 28 de junio de 1966, en una fr\u00eda ma\u00f1ana de invierno se produjo el golpe militar en medio de la indiferencia de la ciudadan\u00eda. El General de Divisi\u00f3n Julio Rodolfo Alsogaray, el Jefe de la Casa Militar Brigadier Rodolfo P\u00edo Otero, el coronel Luis Perlinger y un grupo de oficiales se presentaron en el despacho presidencial para solicitarle a Illia el retiro de la Casa de Gobierno, asegur\u00e1ndole en todo momento su integridad f\u00edsica. \u00c9ste se neg\u00f3 rotundamente y luego de una fuerte discusi\u00f3n donde manifest\u00f3\u00a0<em>\u201cEl comandante en jefe de las Fuerzas Armadas soy yo\u201d<\/em>\u00a0los militares tuvieron que abandonar el despacho. Ante la fuerte negativa los efectivos policiales ingresaron con pistolas lanzagases, mientras que las tropas rodearon por completo la Casa Rosada. Perlinger volvi\u00f3 a solicitar al presidente que se retire, caso contrario no pod\u00eda garantizar la seguridad de las personas que lo acompa\u00f1aban. Ante esta situaci\u00f3n Illia opt\u00f3 por dejar el lugar. Rodeado por sus colaboradores baj\u00f3 por la escalera hasta la planta baja, cruz\u00f3 por la entrada y se dirigi\u00f3 a la calle, y como no dispon\u00eda de veh\u00edculo porque lo vendi\u00f3 durante su presidencia abandon\u00f3 el lugar en un taxi que lo llev\u00f3 a la casa de su hermano en Mart\u00ednez. Al d\u00eda siguiente asumi\u00f3 Ongan\u00eda, autodenominando al golpe \u00abRevoluci\u00f3n Argentina\u00bb.<\/p>\n<p><strong><u>Su actividad posterior a la presidencia<\/u><\/strong><\/p>\n<p>Sus adeptos consideran a Illia un pol\u00edtico ejemplar, por su honestidad y personalidad incorruptible. Tuvo una sola casa, sencilla y humilde, que fue el \u00fanico bien inmueble con que se retir\u00f3 como Presidente de la Naci\u00f3n, le fue donada por suscripci\u00f3n p\u00fablica, con ayuda y por voluntad de los vecinos de Cruz del Eje, adem\u00e1s de ser el \u00fanico presidente de Argentina que no acept\u00f3 la jubilaci\u00f3n.<\/p>\n<p>Sus restos descansan en el\u00a0<em>Pante\u00f3n a los ca\u00eddos en la Revoluci\u00f3n de 1890<\/em>\u00a0(conocido popularmente como\u00a0<em>Pante\u00f3n Radical<\/em>), del Cementerio de la Recoleta. En ese mausoleo, adem\u00e1s de Illia, descansan Leandro N. Alem, Hip\u00f3lito Yrigoyen y Elpidio Gonz\u00e1lez, entre otros dirigentes de la Uni\u00f3n C\u00edvica Radical.<\/p>\n<p><strong><u>Distinciones<\/u><\/strong><\/p>\n<ul>\n<li>En octubre de 1964 recibi\u00f3 la\u00a0<em>Legi\u00f3n de Honor<\/em>\u00a0de Francia.<\/li>\n<li>En mayo de 1965 recibi\u00f3 el\u00a0<em>Gran Collar de la Orden de Pahlevi<\/em>\u00a0de Ir\u00e1n.<\/li>\n<li>En enero de 1982 fue galardonado con el\u00a0<em>Premio Internacional Mahatma Gandhi<\/em>\u00a0por los servicios prestados para la humanizaci\u00f3n del poder.<\/li>\n<\/ul>\n<p><img decoding=\"async\" style=\"display: block; margin-left: auto; margin-right: auto;\" title=\"ILLIA 3\" src=\"https:\/\/isfdyt93-bue.infd.edu.ar\/sitio\/wp-content\/uploads\/2018\/08\/ILLIA_3.jpg\" alt=\"ILLIA 3\" border=\"0\" \/><\/p>\n","protected":false},"excerpt":{"rendered":"<p>Una de las principales caracter\u00edsticas que destacan los adeptos a Illia es su honestidad y honradez, siendo ejemplo de esto el hecho de que Illia vivi\u00f3 casi toda su vida en su humilde casa de Cruz del Eje, donde se dedicaba a la medicina, y que nunca utiliz\u00f3 su influencia a su favor, a punto &#8230; <a title=\"\u00bfQui\u00e9n fue Arturo Umberto Illia?\" class=\"read-more\" href=\"https:\/\/isfdyt93-bue.infd.edu.ar\/sitio\/quien-fue-arturo-umberto-illia\/\" aria-label=\"More on \u00bfQui\u00e9n fue Arturo Umberto Illia?\">[+]<\/a><\/p>\n","protected":false},"author":102,"featured_media":0,"parent":0,"menu_order":0,"comment_status":"closed","ping_status":"closed","template":"","meta":[],"acf":[],"_links":{"self":[{"href":"https:\/\/isfdyt93-bue.infd.edu.ar\/sitio\/wp-json\/wp\/v2\/pages\/887"}],"collection":[{"href":"https:\/\/isfdyt93-bue.infd.edu.ar\/sitio\/wp-json\/wp\/v2\/pages"}],"about":[{"href":"https:\/\/isfdyt93-bue.infd.edu.ar\/sitio\/wp-json\/wp\/v2\/types\/page"}],"author":[{"embeddable":true,"href":"https:\/\/isfdyt93-bue.infd.edu.ar\/sitio\/wp-json\/wp\/v2\/users\/102"}],"replies":[{"embeddable":true,"href":"https:\/\/isfdyt93-bue.infd.edu.ar\/sitio\/wp-json\/wp\/v2\/comments?post=887"}],"version-history":[{"count":5,"href":"https:\/\/isfdyt93-bue.infd.edu.ar\/sitio\/wp-json\/wp\/v2\/pages\/887\/revisions"}],"predecessor-version":[{"id":1403,"href":"https:\/\/isfdyt93-bue.infd.edu.ar\/sitio\/wp-json\/wp\/v2\/pages\/887\/revisions\/1403"}],"wp:attachment":[{"href":"https:\/\/isfdyt93-bue.infd.edu.ar\/sitio\/wp-json\/wp\/v2\/media?parent=887"}],"curies":[{"name":"wp","href":"https:\/\/api.w.org\/{rel}","templated":true}]}}